{"id":2495,"date":"2025-01-30T11:22:58","date_gmt":"2025-01-30T11:22:58","guid":{"rendered":"https:\/\/cervinusteatrum.hu\/?post_type=mec-events&#038;p=2495"},"modified":"2025-01-30T11:23:26","modified_gmt":"2025-01-30T11:23:26","slug":"anton-pavlovics-csehov-a-medve-leanykeres-ket-vigjatek-ket-felvonas-570-587","status":"publish","type":"mec-events","link":"https:\/\/cervinusteatrum.hu\/sk\/musor\/anton-pavlovics-csehov-a-medve-leanykeres-ket-vigjatek-ket-felvonas-570-587\/","title":{"rendered":"Anton Pavlovics Csehov: A MEDVE &#8211; LE\u00c1NYK\u00c9R\u00c9S &#8211; K\u00e9t v\u00edgj\u00e1t\u00e9k k\u00e9t felvon\u00e1s"},"content":{"rendered":"<div>Anton Pavlovics Csehov: A MEDVE &#8211; LE\u00c1NYK\u00c9R\u00c9S &#8211; K\u00e9t v\u00edgj\u00e1t\u00e9k k\u00e9t felvon\u00e1s<\/div>\n<div><img loading=\"lazy\" decoding=\"async\" class=\"alignnone size-medium wp-image-2489\" src=\"https:\/\/cervinusteatrum.hu\/wp-content\/uploads\/2025\/01\/mede_A5-730x1024.png\" alt=\"\" width=\"730\" height=\"1024\" srcset=\"https:\/\/cervinusteatrum.hu\/wp-content\/uploads\/2025\/01\/mede_A5-730x1024.png 730w, https:\/\/cervinusteatrum.hu\/wp-content\/uploads\/2025\/01\/mede_A5-768x1077.png 768w, https:\/\/cervinusteatrum.hu\/wp-content\/uploads\/2025\/01\/mede_A5-1095x1536.png 1095w, https:\/\/cervinusteatrum.hu\/wp-content\/uploads\/2025\/01\/mede_A5-1460x2048.png 1460w, https:\/\/cervinusteatrum.hu\/wp-content\/uploads\/2025\/01\/mede_A5-9x12.png 9w, https:\/\/cervinusteatrum.hu\/wp-content\/uploads\/2025\/01\/mede_A5.png 1819w\" sizes=\"auto, (max-width: 730px) 100vw, 730px\" \/><\/div>\n<div>A MEDVE<\/div>\n<div><\/div>\n<div>A fiatal \u00f6zvegy f\u00f6ldbirtokosn\u0151, hetedik h\u00f3napja gy\u00e1szolja lankadatlanul nagyterm\u00e9szet\u0171,<\/div>\n<div>elhalt ur\u00e1t. Elhat\u00e1roz\u00e1sa szent: elz\u00e1rk\u00f3zik a vil\u00e1gt\u00f3l, hal\u00e1l\u00e1ig gy\u00e1szolni fog. Ekkor \u00e1ll\u00edt be<\/div>\n<div>hozz\u00e1 h\u00edvatlanul Szmirnov f\u00f6ldbirtokos, hogy n\u00e9hai f\u00e9rje nagyon is \u00e9l\u0151 tartoz\u00e1s\u00e1t behajtsa.<\/div>\n<div>Szmirnov nyers modor\u00fa, goromba ember (ak\u00e1r egy medve), aki, sz\u00e1mtalan szerelmi kudarcon<\/div>\n<div>t\u00fal, n\u0151re m\u00e1r r\u00e1 sem b\u00edr n\u00e9zni. Kettej\u00fck dr\u00e1mai tal\u00e1lkoz\u00e1sa szokatlan v\u00e9gkifejletet \u00edg\u00e9r:<\/div>\n<div>Szmirnov p\u00e1rbajra h\u00edvja ki az \u00f6zvegyet\u2026<\/div>\n<div><\/div>\n<div>LE\u00c1NYK\u00c9R\u00c9S<\/div>\n<div><\/div>\n<div>Lomov f\u00f6ldbirtokos &#8211; aki, b\u00e1r folyamatosan v\u00e9lt betegs\u00e9gekkel k\u00fcszk\u00f6dik, alapj\u00e1ban<\/div>\n<div>eg\u00e9szs\u00e9ges-, el\u00e9rv\u00e9n 35. \u00e9let\u00e9v\u00e9t, halad\u00e9ktalanul meg akar n\u0151s\u00fclni. A nagy vad\u00e1sz h\u00edr\u00e9ben<\/div>\n<div>\u00e1ll\u00f3 szomsz\u00e9d f\u00f6ldbirtokos egyetlen le\u00e1ny\u00e1t szeretn\u00e9 megk\u00e9rni. A v\u00e1ratlanul vir\u00e1gcsokorral<\/div>\n<div>be\u00e1ll\u00edt\u00f3 fiatalember hamarosan \u00e9letvesz\u00e9lyes helyzetekbe keveredik a lobban\u00e9kony, hirtelen<\/div>\n<div>harag\u00fa szomsz\u00e9dokn\u00e1l\u2026<\/div>\n<div>Rendez\u0151: Vas-Zolt\u00e1n Iv\u00e1n<\/div>","protected":false},"excerpt":{"rendered":"<p>Anton Pavlovics Csehov: A MEDVE &#8211; LE\u00c1NYK\u00c9R\u00c9S &#8211; K\u00e9t v\u00edgj\u00e1t\u00e9k k\u00e9t felvon\u00e1s A MEDVE A fiatal \u00f6zvegy f\u00f6ldbirtokosn\u0151, hetedik h\u00f3napja gy\u00e1szolja lankadatlanul nagyterm\u00e9szet\u0171, elhalt ur\u00e1t. Elhat\u00e1roz\u00e1sa szent: elz\u00e1rk\u00f3zik a vil\u00e1gt\u00f3l, hal\u00e1l\u00e1ig gy\u00e1szolni fog. Ekkor \u00e1ll\u00edt be hozz\u00e1 h\u00edvatlanul Szmirnov f\u00f6ldbirtokos, hogy n\u00e9hai f\u00e9rje nagyon is \u00e9l\u0151 tartoz\u00e1s\u00e1t behajtsa. Szmirnov nyers modor\u00fa, goromba ember (ak\u00e1r egy [&#8230;]","protected":false},"author":2,"featured_media":2491,"comment_status":"open","ping_status":"closed","template":"","tags":[],"mec_category":[50],"class_list":["post-2495","mec-events","type-mec-events","status-publish","has-post-thumbnail","hentry","mec_category-szinhaz"],"yoast_head":"<!-- This site is optimized with the Yoast SEO plugin v27.5 - https:\/\/yoast.com\/product\/yoast-seo-wordpress\/ -->\n<title>Anton Pavlovics Csehov: A MEDVE - LE\u00c1NYK\u00c9R\u00c9S - K\u00e9t v\u00edgj\u00e1t\u00e9k k\u00e9t felvon\u00e1s - Cervinus Te\u00e1trum<\/title>\n<meta name=\"robots\" content=\"index, follow, max-snippet:-1, max-image-preview:large, max-video-preview:-1\" \/>\n<link rel=\"canonical\" href=\"https:\/\/cervinusteatrum.hu\/sk\/musor\/anton-pavlovics-csehov-a-medve-leanykeres-ket-vigjatek-ket-felvonas-570-587\/\" \/>\n<meta property=\"og:locale\" content=\"sk_SK\" \/>\n<meta property=\"og:type\" content=\"article\" \/>\n<meta property=\"og:title\" content=\"Anton Pavlovics Csehov: A MEDVE - LE\u00c1NYK\u00c9R\u00c9S - K\u00e9t v\u00edgj\u00e1t\u00e9k k\u00e9t felvon\u00e1s - Cervinus Te\u00e1trum\" \/>\n<meta property=\"og:description\" content=\"Anton Pavlovics Csehov: A MEDVE &#8211; LE\u00c1NYK\u00c9R\u00c9S &#8211; K\u00e9t v\u00edgj\u00e1t\u00e9k k\u00e9t felvon\u00e1s A MEDVE A fiatal \u00f6zvegy f\u00f6ldbirtokosn\u0151, hetedik h\u00f3napja gy\u00e1szolja lankadatlanul nagyterm\u00e9szet\u0171, elhalt ur\u00e1t. Elhat\u00e1roz\u00e1sa szent: elz\u00e1rk\u00f3zik a vil\u00e1gt\u00f3l, hal\u00e1l\u00e1ig gy\u00e1szolni fog. Ekkor \u00e1ll\u00edt be hozz\u00e1 h\u00edvatlanul Szmirnov f\u00f6ldbirtokos, hogy n\u00e9hai f\u00e9rje nagyon is \u00e9l\u0151 tartoz\u00e1s\u00e1t behajtsa. Szmirnov nyers modor\u00fa, goromba ember (ak\u00e1r egy [...]\" \/>\n<meta property=\"og:url\" content=\"https:\/\/cervinusteatrum.hu\/sk\/musor\/anton-pavlovics-csehov-a-medve-leanykeres-ket-vigjatek-ket-felvonas-570-587\/\" \/>\n<meta property=\"og:site_name\" content=\"Cervinus Te\u00e1trum\" \/>\n<meta property=\"article:publisher\" content=\"https:\/\/www.facebook.com\/cervinusteatrumhu\" \/>\n<meta property=\"article:modified_time\" content=\"2025-01-30T11:23:26+00:00\" \/>\n<meta property=\"og:image\" content=\"https:\/\/cervinusteatrum.hu\/wp-content\/uploads\/2025\/01\/medve_lanykeres_event.png\" \/>\n\t<meta property=\"og:image:width\" content=\"2480\" \/>\n\t<meta property=\"og:image:height\" content=\"1323\" \/>\n\t<meta property=\"og:image:type\" content=\"image\/png\" \/>\n<meta name=\"twitter:card\" content=\"summary_large_image\" \/>\n<meta name=\"twitter:label1\" content=\"Predpokladan\u00fd \u010das \u010d\u00edtania\" \/>\n\t<meta name=\"twitter:data1\" content=\"2 min\u00faty\" \/>\n<script type=\"application\/ld+json\" class=\"yoast-schema-graph\">{\"@context\":\"https:\\\/\\\/schema.org\",\"@graph\":[{\"@type\":\"WebPage\",\"@id\":\"https:\\\/\\\/cervinusteatrum.hu\\\/musor\\\/anton-pavlovics-csehov-a-medve-leanykeres-ket-vigjatek-ket-felvonas-570-587\\\/\",\"url\":\"https:\\\/\\\/cervinusteatrum.hu\\\/musor\\\/anton-pavlovics-csehov-a-medve-leanykeres-ket-vigjatek-ket-felvonas-570-587\\\/\",\"name\":\"Anton Pavlovics Csehov: A MEDVE - LE\u00c1NYK\u00c9R\u00c9S - K\u00e9t v\u00edgj\u00e1t\u00e9k k\u00e9t felvon\u00e1s - Cervinus Te\u00e1trum\",\"isPartOf\":{\"@id\":\"https:\\\/\\\/cervinusteatrum.hu\\\/#website\"},\"primaryImageOfPage\":{\"@id\":\"https:\\\/\\\/cervinusteatrum.hu\\\/musor\\\/anton-pavlovics-csehov-a-medve-leanykeres-ket-vigjatek-ket-felvonas-570-587\\\/#primaryimage\"},\"image\":{\"@id\":\"https:\\\/\\\/cervinusteatrum.hu\\\/musor\\\/anton-pavlovics-csehov-a-medve-leanykeres-ket-vigjatek-ket-felvonas-570-587\\\/#primaryimage\"},\"thumbnailUrl\":\"https:\\\/\\\/cervinusteatrum.hu\\\/wp-content\\\/uploads\\\/2025\\\/01\\\/medve_lanykeres_event.png\",\"datePublished\":\"2025-01-30T11:22:58+00:00\",\"dateModified\":\"2025-01-30T11:23:26+00:00\",\"breadcrumb\":{\"@id\":\"https:\\\/\\\/cervinusteatrum.hu\\\/musor\\\/anton-pavlovics-csehov-a-medve-leanykeres-ket-vigjatek-ket-felvonas-570-587\\\/#breadcrumb\"},\"inLanguage\":\"sk-SK\",\"potentialAction\":[{\"@type\":\"ReadAction\",\"target\":[\"https:\\\/\\\/cervinusteatrum.hu\\\/musor\\\/anton-pavlovics-csehov-a-medve-leanykeres-ket-vigjatek-ket-felvonas-570-587\\\/\"]}]},{\"@type\":\"ImageObject\",\"inLanguage\":\"sk-SK\",\"@id\":\"https:\\\/\\\/cervinusteatrum.hu\\\/musor\\\/anton-pavlovics-csehov-a-medve-leanykeres-ket-vigjatek-ket-felvonas-570-587\\\/#primaryimage\",\"url\":\"https:\\\/\\\/cervinusteatrum.hu\\\/wp-content\\\/uploads\\\/2025\\\/01\\\/medve_lanykeres_event.png\",\"contentUrl\":\"https:\\\/\\\/cervinusteatrum.hu\\\/wp-content\\\/uploads\\\/2025\\\/01\\\/medve_lanykeres_event.png\",\"width\":2480,\"height\":1323},{\"@type\":\"BreadcrumbList\",\"@id\":\"https:\\\/\\\/cervinusteatrum.hu\\\/musor\\\/anton-pavlovics-csehov-a-medve-leanykeres-ket-vigjatek-ket-felvonas-570-587\\\/#breadcrumb\",\"itemListElement\":[{\"@type\":\"ListItem\",\"position\":1,\"name\":\"Kezd\u0151lap\",\"item\":\"https:\\\/\\\/cervinusteatrum.hu\\\/\"},{\"@type\":\"ListItem\",\"position\":2,\"name\":\"Events\",\"item\":\"https:\\\/\\\/cervinusteatrum.hu\\\/musor\\\/\"},{\"@type\":\"ListItem\",\"position\":3,\"name\":\"Anton Pavlovics Csehov: A MEDVE &#8211; LE\u00c1NYK\u00c9R\u00c9S &#8211; K\u00e9t v\u00edgj\u00e1t\u00e9k k\u00e9t felvon\u00e1s\"}]},{\"@type\":\"WebSite\",\"@id\":\"https:\\\/\\\/cervinusteatrum.hu\\\/#website\",\"url\":\"https:\\\/\\\/cervinusteatrum.hu\\\/\",\"name\":\"Cervinus Te\u00e1trum\",\"description\":\"\",\"publisher\":{\"@id\":\"https:\\\/\\\/cervinusteatrum.hu\\\/#organization\"},\"potentialAction\":[{\"@type\":\"SearchAction\",\"target\":{\"@type\":\"EntryPoint\",\"urlTemplate\":\"https:\\\/\\\/cervinusteatrum.hu\\\/?s={search_term_string}\"},\"query-input\":{\"@type\":\"PropertyValueSpecification\",\"valueRequired\":true,\"valueName\":\"search_term_string\"}}],\"inLanguage\":\"sk-SK\"},{\"@type\":\"Organization\",\"@id\":\"https:\\\/\\\/cervinusteatrum.hu\\\/#organization\",\"name\":\"Cervinus Te\u00e1trum\",\"url\":\"https:\\\/\\\/cervinusteatrum.hu\\\/\",\"logo\":{\"@type\":\"ImageObject\",\"inLanguage\":\"sk-SK\",\"@id\":\"https:\\\/\\\/cervinusteatrum.hu\\\/#\\\/schema\\\/logo\\\/image\\\/\",\"url\":\"https:\\\/\\\/cervinusteatrum.hu\\\/wp-content\\\/uploads\\\/2022\\\/03\\\/cervinus.png\",\"contentUrl\":\"https:\\\/\\\/cervinusteatrum.hu\\\/wp-content\\\/uploads\\\/2022\\\/03\\\/cervinus.png\",\"width\":819,\"height\":960,\"caption\":\"Cervinus Te\u00e1trum\"},\"image\":{\"@id\":\"https:\\\/\\\/cervinusteatrum.hu\\\/#\\\/schema\\\/logo\\\/image\\\/\"},\"sameAs\":[\"https:\\\/\\\/www.facebook.com\\\/cervinusteatrumhu\"]}]}<\/script>\n<!-- \/ Yoast SEO plugin. -->","yoast_head_json":{"title":"Anton Pavlovics Csehov: A MEDVE - LE\u00c1NYK\u00c9R\u00c9S - K\u00e9t v\u00edgj\u00e1t\u00e9k k\u00e9t felvon\u00e1s - Cervinus Te\u00e1trum","robots":{"index":"index","follow":"follow","max-snippet":"max-snippet:-1","max-image-preview":"max-image-preview:large","max-video-preview":"max-video-preview:-1"},"canonical":"https:\/\/cervinusteatrum.hu\/sk\/musor\/anton-pavlovics-csehov-a-medve-leanykeres-ket-vigjatek-ket-felvonas-570-587\/","og_locale":"sk_SK","og_type":"article","og_title":"Anton Pavlovics Csehov: A MEDVE - LE\u00c1NYK\u00c9R\u00c9S - K\u00e9t v\u00edgj\u00e1t\u00e9k k\u00e9t felvon\u00e1s - Cervinus Te\u00e1trum","og_description":"Anton Pavlovics Csehov: A MEDVE &#8211; LE\u00c1NYK\u00c9R\u00c9S &#8211; K\u00e9t v\u00edgj\u00e1t\u00e9k k\u00e9t felvon\u00e1s A MEDVE A fiatal \u00f6zvegy f\u00f6ldbirtokosn\u0151, hetedik h\u00f3napja gy\u00e1szolja lankadatlanul nagyterm\u00e9szet\u0171, elhalt ur\u00e1t. Elhat\u00e1roz\u00e1sa szent: elz\u00e1rk\u00f3zik a vil\u00e1gt\u00f3l, hal\u00e1l\u00e1ig gy\u00e1szolni fog. Ekkor \u00e1ll\u00edt be hozz\u00e1 h\u00edvatlanul Szmirnov f\u00f6ldbirtokos, hogy n\u00e9hai f\u00e9rje nagyon is \u00e9l\u0151 tartoz\u00e1s\u00e1t behajtsa. Szmirnov nyers modor\u00fa, goromba ember (ak\u00e1r egy [...]","og_url":"https:\/\/cervinusteatrum.hu\/sk\/musor\/anton-pavlovics-csehov-a-medve-leanykeres-ket-vigjatek-ket-felvonas-570-587\/","og_site_name":"Cervinus Te\u00e1trum","article_publisher":"https:\/\/www.facebook.com\/cervinusteatrumhu","article_modified_time":"2025-01-30T11:23:26+00:00","og_image":[{"width":2480,"height":1323,"url":"https:\/\/cervinusteatrum.hu\/wp-content\/uploads\/2025\/01\/medve_lanykeres_event.png","type":"image\/png"}],"twitter_card":"summary_large_image","twitter_misc":{"Predpokladan\u00fd \u010das \u010d\u00edtania":"2 min\u00faty"},"schema":{"@context":"https:\/\/schema.org","@graph":[{"@type":"WebPage","@id":"https:\/\/cervinusteatrum.hu\/musor\/anton-pavlovics-csehov-a-medve-leanykeres-ket-vigjatek-ket-felvonas-570-587\/","url":"https:\/\/cervinusteatrum.hu\/musor\/anton-pavlovics-csehov-a-medve-leanykeres-ket-vigjatek-ket-felvonas-570-587\/","name":"Anton Pavlovics Csehov: A MEDVE - LE\u00c1NYK\u00c9R\u00c9S - K\u00e9t v\u00edgj\u00e1t\u00e9k k\u00e9t felvon\u00e1s - Cervinus Te\u00e1trum","isPartOf":{"@id":"https:\/\/cervinusteatrum.hu\/#website"},"primaryImageOfPage":{"@id":"https:\/\/cervinusteatrum.hu\/musor\/anton-pavlovics-csehov-a-medve-leanykeres-ket-vigjatek-ket-felvonas-570-587\/#primaryimage"},"image":{"@id":"https:\/\/cervinusteatrum.hu\/musor\/anton-pavlovics-csehov-a-medve-leanykeres-ket-vigjatek-ket-felvonas-570-587\/#primaryimage"},"thumbnailUrl":"https:\/\/cervinusteatrum.hu\/wp-content\/uploads\/2025\/01\/medve_lanykeres_event.png","datePublished":"2025-01-30T11:22:58+00:00","dateModified":"2025-01-30T11:23:26+00:00","breadcrumb":{"@id":"https:\/\/cervinusteatrum.hu\/musor\/anton-pavlovics-csehov-a-medve-leanykeres-ket-vigjatek-ket-felvonas-570-587\/#breadcrumb"},"inLanguage":"sk-SK","potentialAction":[{"@type":"ReadAction","target":["https:\/\/cervinusteatrum.hu\/musor\/anton-pavlovics-csehov-a-medve-leanykeres-ket-vigjatek-ket-felvonas-570-587\/"]}]},{"@type":"ImageObject","inLanguage":"sk-SK","@id":"https:\/\/cervinusteatrum.hu\/musor\/anton-pavlovics-csehov-a-medve-leanykeres-ket-vigjatek-ket-felvonas-570-587\/#primaryimage","url":"https:\/\/cervinusteatrum.hu\/wp-content\/uploads\/2025\/01\/medve_lanykeres_event.png","contentUrl":"https:\/\/cervinusteatrum.hu\/wp-content\/uploads\/2025\/01\/medve_lanykeres_event.png","width":2480,"height":1323},{"@type":"BreadcrumbList","@id":"https:\/\/cervinusteatrum.hu\/musor\/anton-pavlovics-csehov-a-medve-leanykeres-ket-vigjatek-ket-felvonas-570-587\/#breadcrumb","itemListElement":[{"@type":"ListItem","position":1,"name":"Kezd\u0151lap","item":"https:\/\/cervinusteatrum.hu\/"},{"@type":"ListItem","position":2,"name":"Events","item":"https:\/\/cervinusteatrum.hu\/musor\/"},{"@type":"ListItem","position":3,"name":"Anton Pavlovics Csehov: A MEDVE &#8211; LE\u00c1NYK\u00c9R\u00c9S &#8211; K\u00e9t v\u00edgj\u00e1t\u00e9k k\u00e9t felvon\u00e1s"}]},{"@type":"WebSite","@id":"https:\/\/cervinusteatrum.hu\/#website","url":"https:\/\/cervinusteatrum.hu\/","name":"Cervinus Te\u00e1trum","description":"","publisher":{"@id":"https:\/\/cervinusteatrum.hu\/#organization"},"potentialAction":[{"@type":"SearchAction","target":{"@type":"EntryPoint","urlTemplate":"https:\/\/cervinusteatrum.hu\/?s={search_term_string}"},"query-input":{"@type":"PropertyValueSpecification","valueRequired":true,"valueName":"search_term_string"}}],"inLanguage":"sk-SK"},{"@type":"Organization","@id":"https:\/\/cervinusteatrum.hu\/#organization","name":"Cervinus Te\u00e1trum","url":"https:\/\/cervinusteatrum.hu\/","logo":{"@type":"ImageObject","inLanguage":"sk-SK","@id":"https:\/\/cervinusteatrum.hu\/#\/schema\/logo\/image\/","url":"https:\/\/cervinusteatrum.hu\/wp-content\/uploads\/2022\/03\/cervinus.png","contentUrl":"https:\/\/cervinusteatrum.hu\/wp-content\/uploads\/2022\/03\/cervinus.png","width":819,"height":960,"caption":"Cervinus Te\u00e1trum"},"image":{"@id":"https:\/\/cervinusteatrum.hu\/#\/schema\/logo\/image\/"},"sameAs":["https:\/\/www.facebook.com\/cervinusteatrumhu"]}]}},"_links":{"self":[{"href":"https:\/\/cervinusteatrum.hu\/sk\/wp-json\/wp\/v2\/mec-events\/2495","targetHints":{"allow":["GET"]}}],"collection":[{"href":"https:\/\/cervinusteatrum.hu\/sk\/wp-json\/wp\/v2\/mec-events"}],"about":[{"href":"https:\/\/cervinusteatrum.hu\/sk\/wp-json\/wp\/v2\/types\/mec-events"}],"author":[{"embeddable":true,"href":"https:\/\/cervinusteatrum.hu\/sk\/wp-json\/wp\/v2\/users\/2"}],"replies":[{"embeddable":true,"href":"https:\/\/cervinusteatrum.hu\/sk\/wp-json\/wp\/v2\/comments?post=2495"}],"wp:featuredmedia":[{"embeddable":true,"href":"https:\/\/cervinusteatrum.hu\/sk\/wp-json\/wp\/v2\/media\/2491"}],"wp:attachment":[{"href":"https:\/\/cervinusteatrum.hu\/sk\/wp-json\/wp\/v2\/media?parent=2495"}],"wp:term":[{"taxonomy":"post_tag","embeddable":true,"href":"https:\/\/cervinusteatrum.hu\/sk\/wp-json\/wp\/v2\/tags?post=2495"},{"taxonomy":"mec_category","embeddable":true,"href":"https:\/\/cervinusteatrum.hu\/sk\/wp-json\/wp\/v2\/mec_category?post=2495"}],"curies":[{"name":"wp","href":"https:\/\/api.w.org\/{rel}","templated":true}]}}