{"id":1971,"date":"2024-04-09T16:00:57","date_gmt":"2024-04-09T16:00:57","guid":{"rendered":"https:\/\/cervinusteatrum.hu\/?post_type=mec-events&#038;p=1971"},"modified":"2024-04-09T16:00:57","modified_gmt":"2024-04-09T16:00:57","slug":"kovacs-kati-nagykoncert","status":"publish","type":"mec-events","link":"https:\/\/cervinusteatrum.hu\/sk\/musor\/kovacs-kati-nagykoncert\/","title":{"rendered":"Kov\u00e1cs Kati nagykoncert"},"content":{"rendered":"<p><img loading=\"lazy\" decoding=\"async\" class=\"alignnone size-medium wp-image-1903\" src=\"https:\/\/cervinusteatrum.hu\/wp-content\/uploads\/2024\/04\/kovacs-kati-SZARVAS-721x1024.jpg\" alt=\"\" width=\"721\" height=\"1024\" srcset=\"https:\/\/cervinusteatrum.hu\/wp-content\/uploads\/2024\/04\/kovacs-kati-SZARVAS-721x1024.jpg 721w, https:\/\/cervinusteatrum.hu\/wp-content\/uploads\/2024\/04\/kovacs-kati-SZARVAS-768x1090.jpg 768w, https:\/\/cervinusteatrum.hu\/wp-content\/uploads\/2024\/04\/kovacs-kati-SZARVAS-1082x1536.jpg 1082w, https:\/\/cervinusteatrum.hu\/wp-content\/uploads\/2024\/04\/kovacs-kati-SZARVAS-8x12.jpg 8w, https:\/\/cervinusteatrum.hu\/wp-content\/uploads\/2024\/04\/kovacs-kati-SZARVAS.jpg 1220w\" sizes=\"auto, (max-width: 721px) 100vw, 721px\" \/><\/p>\n<p><b><span class=\"il\">KOV\u00c1CS<\/span>\u00a0<span class=\"il\">KATI<\/span>\u00a0NAGY \u00c9LETM\u0170\u00a0<span class=\"il\">KONCERT<\/span>\u00a0SZARVASON! 2024. m\u00e1jus 9-\u00e9n lesz l\u00e1that\u00f3 \u00e9<span class=\"il\">s<\/span>\u00a0hallhat\u00f3,\u00a0\u00a0\u00a0 a\u00a0<\/b><a title=\"Kossuth-d\u00edj\" href=\"https:\/\/hu.wikipedia.org\/wiki\/Kossuth-d%C3%ADj\" target=\"_blank\" rel=\"noopener\" data-saferedirecturl=\"https:\/\/www.google.com\/url?q=https:\/\/hu.wikipedia.org\/wiki\/Kossuth-d%25C3%25ADj&amp;source=gmail&amp;ust=1712396912863000&amp;usg=AOvVaw3OZ4M_k0qinOq2RoHfM8bY\">Kossuth \u00e9<span class=\"il\">s<\/span>\u00a0Liszt Ferenc d\u00edjas<\/a>\u00a0<a title=\"El\u0151ad\u00f3-m\u0171v\u00e9szet\" href=\"https:\/\/hu.wikipedia.org\/wiki\/El%C5%91ad%C3%B3-m%C5%B1v%C3%A9szet\" target=\"_blank\" rel=\"noopener\" data-saferedirecturl=\"https:\/\/www.google.com\/url?q=https:\/\/hu.wikipedia.org\/wiki\/El%25C5%2591ad%25C3%25B3-m%25C5%25B1v%25C3%25A9szet&amp;source=gmail&amp;ust=1712396912863000&amp;usg=AOvVaw1qr4CrxhJ3-Xu9ktbkoMJ0\">el\u0151ad\u00f3m\u0171v\u00e9sz<\/a>,\u00a0<a title=\"\u00cdr\u00f3\" href=\"https:\/\/hu.wikipedia.org\/wiki\/%C3%8Dr%C3%B3\" target=\"_blank\" rel=\"noopener\" data-saferedirecturl=\"https:\/\/www.google.com\/url?q=https:\/\/hu.wikipedia.org\/wiki\/%25C3%258Dr%25C3%25B3&amp;source=gmail&amp;ust=1712396912863000&amp;usg=AOvVaw24AkRQBINOLYT2-1Lx5Ypq\">dalsz\u00f6veg\u00edr\u00f3<\/a>,\u00a0<a title=\"Sz\u00edn\u00e9sz\" href=\"https:\/\/hu.wikipedia.org\/wiki\/Sz%C3%ADn%C3%A9sz\" target=\"_blank\" rel=\"noopener\" data-saferedirecturl=\"https:\/\/www.google.com\/url?q=https:\/\/hu.wikipedia.org\/wiki\/Sz%25C3%25ADn%25C3%25A9sz&amp;source=gmail&amp;ust=1712396912863000&amp;usg=AOvVaw18bndmudUj_3gmF_G95Wrq\">sz\u00edn\u00e9szn\u0151<\/a>. A magyar\u00a0<a title=\"K\u00f6nny\u0171zene\" href=\"https:\/\/hu.wikipedia.org\/wiki\/K%C3%B6nny%C5%B1zene\" target=\"_blank\" rel=\"noopener\" data-saferedirecturl=\"https:\/\/www.google.com\/url?q=https:\/\/hu.wikipedia.org\/wiki\/K%25C3%25B6nny%25C5%25B1zene&amp;source=gmail&amp;ust=1712396912863000&amp;usg=AOvVaw0TvuxyzbHxil3q2HEu0evQ\">k\u00f6nny\u0171zenei \u00e9let<\/a>\u00a0kiemelked\u0151, m\u00e1ra m\u00e1r legend\u00e1<span class=\"il\">s<\/span>\u00a0egy\u00e9nis\u00e9g\u00e9nek sz\u00e1m\u00edt. T\u00f6bb mint \u00f6tven \u00e9ve tart\u00f3 p\u00e1lyafut\u00e1sa sor\u00e1n sz\u00e1mos \u00e1llami \u00e9<span class=\"il\">s<\/span>\u00a0szakmai kit\u00fcntet\u00e9ssel ismert\u00e9k el.\u00a0Minden id\u0151k egyik legsikeresebb magyar \u00e9nekesn\u0151je, t\u00f6bb ezer sikeres\u00a0<span class=\"il\">koncert<\/span>, t\u00f6bb milli\u00f3 eladott lemez \u00e9<span class=\"il\">s<\/span>\u00a0sz\u00e1mtalan sl\u00e1ger f\u0171z\u0151dik nev\u00e9hez.\u00a0Az \u00e9nekesn\u0151 k\u00f6zismert jellegzetes er\u0151teljes hangj\u00e1r\u00f3l. Zenei\u00a0<a title=\"St\u00edlus\" href=\"https:\/\/hu.wikipedia.org\/wiki\/St%C3%ADlus\" target=\"_blank\" rel=\"noopener\" data-saferedirecturl=\"https:\/\/www.google.com\/url?q=https:\/\/hu.wikipedia.org\/wiki\/St%25C3%25ADlus&amp;source=gmail&amp;ust=1712396912863000&amp;usg=AOvVaw2dgLliItniA5lS0frOVr9r\">st\u00edlus\u00e1t<\/a>\u00a0sz\u00e1mos m\u0171faj alak\u00edtotta, a\u00a0<a title=\"Rock\" href=\"https:\/\/hu.wikipedia.org\/wiki\/Rock\" target=\"_blank\" rel=\"noopener\" data-saferedirecturl=\"https:\/\/www.google.com\/url?q=https:\/\/hu.wikipedia.org\/wiki\/Rock&amp;source=gmail&amp;ust=1712396912863000&amp;usg=AOvVaw1ssUEsWqseYgykusLQQw2y\">rock<\/a>, a beat \u00e9<span class=\"il\">s<\/span>\u00a0a pop zen\u00e9t\u0151l kezdve, a blues dalok,\u00a0<span class=\"il\">s<\/span>\u0151t m\u00e9g az\u00a0<a title=\"Opera (sz\u00ednm\u0171)\" href=\"https:\/\/hu.wikipedia.org\/wiki\/Opera_(sz%C3%ADnm%C5%B1)\" target=\"_blank\" rel=\"noopener\" data-saferedirecturl=\"https:\/\/www.google.com\/url?q=https:\/\/hu.wikipedia.org\/wiki\/Opera_(sz%25C3%25ADnm%25C5%25B1)&amp;source=gmail&amp;ust=1712396912863000&amp;usg=AOvVaw1lSggWQ4Ru7C6-5IjDLldu\">opera<\/a>\u00a0\u00e9nekl\u00e9<span class=\"il\">s<\/span>\u00e9re is alkalmass\u00e1 tette. Jegyv\u00e1s\u00e1rl\u00e1s szem\u00e9lyesen a Te\u00e1trumban!<\/p>\n<p>&nbsp;<\/p>\n<p>&nbsp;<\/p>\n<p>&nbsp;<\/p>","protected":false},"excerpt":{"rendered":"<p>KOV\u00c1CS\u00a0KATI\u00a0NAGY \u00c9LETM\u0170\u00a0KONCERT\u00a0SZARVASON! 2024. m\u00e1jus 9-\u00e9n lesz l\u00e1that\u00f3 \u00e9s\u00a0hallhat\u00f3,\u00a0\u00a0\u00a0 a\u00a0Kossuth \u00e9s\u00a0Liszt Ferenc d\u00edjas\u00a0el\u0151ad\u00f3m\u0171v\u00e9sz,\u00a0dalsz\u00f6veg\u00edr\u00f3,\u00a0sz\u00edn\u00e9szn\u0151. A magyar\u00a0k\u00f6nny\u0171zenei \u00e9let\u00a0kiemelked\u0151, m\u00e1ra m\u00e1r legend\u00e1s\u00a0egy\u00e9nis\u00e9g\u00e9nek sz\u00e1m\u00edt. T\u00f6bb mint \u00f6tven \u00e9ve tart\u00f3 p\u00e1lyafut\u00e1sa sor\u00e1n sz\u00e1mos \u00e1llami \u00e9s\u00a0szakmai kit\u00fcntet\u00e9ssel ismert\u00e9k el.\u00a0Minden id\u0151k egyik legsikeresebb magyar \u00e9nekesn\u0151je, t\u00f6bb ezer sikeres\u00a0koncert, t\u00f6bb milli\u00f3 eladott lemez \u00e9s\u00a0sz\u00e1mtalan sl\u00e1ger f\u0171z\u0151dik nev\u00e9hez.\u00a0Az \u00e9nekesn\u0151 k\u00f6zismert jellegzetes er\u0151teljes hangj\u00e1r\u00f3l. Zenei\u00a0st\u00edlus\u00e1t\u00a0sz\u00e1mos m\u0171faj [&#8230;]","protected":false},"author":1,"featured_media":1904,"comment_status":"open","ping_status":"closed","template":"","tags":[],"mec_category":[52,51],"class_list":["post-1971","mec-events","type-mec-events","status-publish","has-post-thumbnail","hentry","mec_category-mindenmas","mec_category-zene"],"yoast_head":"<!-- This site is optimized with the Yoast SEO plugin v27.5 - https:\/\/yoast.com\/product\/yoast-seo-wordpress\/ -->\n<title>Kov\u00e1cs Kati nagykoncert - Cervinus Te\u00e1trum<\/title>\n<meta name=\"robots\" content=\"index, follow, max-snippet:-1, max-image-preview:large, max-video-preview:-1\" \/>\n<link rel=\"canonical\" href=\"https:\/\/cervinusteatrum.hu\/sk\/musor\/kovacs-kati-nagykoncert\/\" \/>\n<meta property=\"og:locale\" content=\"sk_SK\" \/>\n<meta property=\"og:type\" content=\"article\" \/>\n<meta property=\"og:title\" content=\"Kov\u00e1cs Kati nagykoncert - Cervinus Te\u00e1trum\" \/>\n<meta property=\"og:description\" content=\"KOV\u00c1CS\u00a0KATI\u00a0NAGY \u00c9LETM\u0170\u00a0KONCERT\u00a0SZARVASON! 2024. m\u00e1jus 9-\u00e9n lesz l\u00e1that\u00f3 \u00e9s\u00a0hallhat\u00f3,\u00a0\u00a0\u00a0 a\u00a0Kossuth \u00e9s\u00a0Liszt Ferenc d\u00edjas\u00a0el\u0151ad\u00f3m\u0171v\u00e9sz,\u00a0dalsz\u00f6veg\u00edr\u00f3,\u00a0sz\u00edn\u00e9szn\u0151. A magyar\u00a0k\u00f6nny\u0171zenei \u00e9let\u00a0kiemelked\u0151, m\u00e1ra m\u00e1r legend\u00e1s\u00a0egy\u00e9nis\u00e9g\u00e9nek sz\u00e1m\u00edt. T\u00f6bb mint \u00f6tven \u00e9ve tart\u00f3 p\u00e1lyafut\u00e1sa sor\u00e1n sz\u00e1mos \u00e1llami \u00e9s\u00a0szakmai kit\u00fcntet\u00e9ssel ismert\u00e9k el.\u00a0Minden id\u0151k egyik legsikeresebb magyar \u00e9nekesn\u0151je, t\u00f6bb ezer sikeres\u00a0koncert, t\u00f6bb milli\u00f3 eladott lemez \u00e9s\u00a0sz\u00e1mtalan sl\u00e1ger f\u0171z\u0151dik nev\u00e9hez.\u00a0Az \u00e9nekesn\u0151 k\u00f6zismert jellegzetes er\u0151teljes hangj\u00e1r\u00f3l. Zenei\u00a0st\u00edlus\u00e1t\u00a0sz\u00e1mos m\u0171faj [...]\" \/>\n<meta property=\"og:url\" content=\"https:\/\/cervinusteatrum.hu\/sk\/musor\/kovacs-kati-nagykoncert\/\" \/>\n<meta property=\"og:site_name\" content=\"Cervinus Te\u00e1trum\" \/>\n<meta property=\"article:publisher\" content=\"https:\/\/www.facebook.com\/cervinusteatrumhu\" \/>\n<meta property=\"og:image\" content=\"https:\/\/cervinusteatrum.hu\/wp-content\/uploads\/2024\/04\/iozfz.jpg\" \/>\n\t<meta property=\"og:image:width\" content=\"1199\" \/>\n\t<meta property=\"og:image:height\" content=\"582\" \/>\n\t<meta property=\"og:image:type\" content=\"image\/jpeg\" \/>\n<meta name=\"twitter:card\" content=\"summary_large_image\" \/>\n<meta name=\"twitter:label1\" content=\"Predpokladan\u00fd \u010das \u010d\u00edtania\" \/>\n\t<meta name=\"twitter:data1\" content=\"1 min\u00fata\" \/>\n<script type=\"application\/ld+json\" class=\"yoast-schema-graph\">{\"@context\":\"https:\\\/\\\/schema.org\",\"@graph\":[{\"@type\":\"WebPage\",\"@id\":\"https:\\\/\\\/cervinusteatrum.hu\\\/musor\\\/kovacs-kati-nagykoncert\\\/\",\"url\":\"https:\\\/\\\/cervinusteatrum.hu\\\/musor\\\/kovacs-kati-nagykoncert\\\/\",\"name\":\"Kov\u00e1cs Kati nagykoncert - Cervinus Te\u00e1trum\",\"isPartOf\":{\"@id\":\"https:\\\/\\\/cervinusteatrum.hu\\\/#website\"},\"primaryImageOfPage\":{\"@id\":\"https:\\\/\\\/cervinusteatrum.hu\\\/musor\\\/kovacs-kati-nagykoncert\\\/#primaryimage\"},\"image\":{\"@id\":\"https:\\\/\\\/cervinusteatrum.hu\\\/musor\\\/kovacs-kati-nagykoncert\\\/#primaryimage\"},\"thumbnailUrl\":\"https:\\\/\\\/cervinusteatrum.hu\\\/wp-content\\\/uploads\\\/2024\\\/04\\\/iozfz.jpg\",\"datePublished\":\"2024-04-09T16:00:57+00:00\",\"breadcrumb\":{\"@id\":\"https:\\\/\\\/cervinusteatrum.hu\\\/musor\\\/kovacs-kati-nagykoncert\\\/#breadcrumb\"},\"inLanguage\":\"sk-SK\",\"potentialAction\":[{\"@type\":\"ReadAction\",\"target\":[\"https:\\\/\\\/cervinusteatrum.hu\\\/musor\\\/kovacs-kati-nagykoncert\\\/\"]}]},{\"@type\":\"ImageObject\",\"inLanguage\":\"sk-SK\",\"@id\":\"https:\\\/\\\/cervinusteatrum.hu\\\/musor\\\/kovacs-kati-nagykoncert\\\/#primaryimage\",\"url\":\"https:\\\/\\\/cervinusteatrum.hu\\\/wp-content\\\/uploads\\\/2024\\\/04\\\/iozfz.jpg\",\"contentUrl\":\"https:\\\/\\\/cervinusteatrum.hu\\\/wp-content\\\/uploads\\\/2024\\\/04\\\/iozfz.jpg\",\"width\":1199,\"height\":582},{\"@type\":\"BreadcrumbList\",\"@id\":\"https:\\\/\\\/cervinusteatrum.hu\\\/musor\\\/kovacs-kati-nagykoncert\\\/#breadcrumb\",\"itemListElement\":[{\"@type\":\"ListItem\",\"position\":1,\"name\":\"Kezd\u0151lap\",\"item\":\"https:\\\/\\\/cervinusteatrum.hu\\\/\"},{\"@type\":\"ListItem\",\"position\":2,\"name\":\"Events\",\"item\":\"https:\\\/\\\/cervinusteatrum.hu\\\/musor\\\/\"},{\"@type\":\"ListItem\",\"position\":3,\"name\":\"Kov\u00e1cs Kati nagykoncert\"}]},{\"@type\":\"WebSite\",\"@id\":\"https:\\\/\\\/cervinusteatrum.hu\\\/#website\",\"url\":\"https:\\\/\\\/cervinusteatrum.hu\\\/\",\"name\":\"Cervinus Te\u00e1trum\",\"description\":\"\",\"publisher\":{\"@id\":\"https:\\\/\\\/cervinusteatrum.hu\\\/#organization\"},\"potentialAction\":[{\"@type\":\"SearchAction\",\"target\":{\"@type\":\"EntryPoint\",\"urlTemplate\":\"https:\\\/\\\/cervinusteatrum.hu\\\/?s={search_term_string}\"},\"query-input\":{\"@type\":\"PropertyValueSpecification\",\"valueRequired\":true,\"valueName\":\"search_term_string\"}}],\"inLanguage\":\"sk-SK\"},{\"@type\":\"Organization\",\"@id\":\"https:\\\/\\\/cervinusteatrum.hu\\\/#organization\",\"name\":\"Cervinus Te\u00e1trum\",\"url\":\"https:\\\/\\\/cervinusteatrum.hu\\\/\",\"logo\":{\"@type\":\"ImageObject\",\"inLanguage\":\"sk-SK\",\"@id\":\"https:\\\/\\\/cervinusteatrum.hu\\\/#\\\/schema\\\/logo\\\/image\\\/\",\"url\":\"https:\\\/\\\/cervinusteatrum.hu\\\/wp-content\\\/uploads\\\/2022\\\/03\\\/cervinus.png\",\"contentUrl\":\"https:\\\/\\\/cervinusteatrum.hu\\\/wp-content\\\/uploads\\\/2022\\\/03\\\/cervinus.png\",\"width\":819,\"height\":960,\"caption\":\"Cervinus Te\u00e1trum\"},\"image\":{\"@id\":\"https:\\\/\\\/cervinusteatrum.hu\\\/#\\\/schema\\\/logo\\\/image\\\/\"},\"sameAs\":[\"https:\\\/\\\/www.facebook.com\\\/cervinusteatrumhu\"]}]}<\/script>\n<!-- \/ Yoast SEO plugin. -->","yoast_head_json":{"title":"Kov\u00e1cs Kati nagykoncert - Cervinus Te\u00e1trum","robots":{"index":"index","follow":"follow","max-snippet":"max-snippet:-1","max-image-preview":"max-image-preview:large","max-video-preview":"max-video-preview:-1"},"canonical":"https:\/\/cervinusteatrum.hu\/sk\/musor\/kovacs-kati-nagykoncert\/","og_locale":"sk_SK","og_type":"article","og_title":"Kov\u00e1cs Kati nagykoncert - Cervinus Te\u00e1trum","og_description":"KOV\u00c1CS\u00a0KATI\u00a0NAGY \u00c9LETM\u0170\u00a0KONCERT\u00a0SZARVASON! 2024. m\u00e1jus 9-\u00e9n lesz l\u00e1that\u00f3 \u00e9s\u00a0hallhat\u00f3,\u00a0\u00a0\u00a0 a\u00a0Kossuth \u00e9s\u00a0Liszt Ferenc d\u00edjas\u00a0el\u0151ad\u00f3m\u0171v\u00e9sz,\u00a0dalsz\u00f6veg\u00edr\u00f3,\u00a0sz\u00edn\u00e9szn\u0151. A magyar\u00a0k\u00f6nny\u0171zenei \u00e9let\u00a0kiemelked\u0151, m\u00e1ra m\u00e1r legend\u00e1s\u00a0egy\u00e9nis\u00e9g\u00e9nek sz\u00e1m\u00edt. T\u00f6bb mint \u00f6tven \u00e9ve tart\u00f3 p\u00e1lyafut\u00e1sa sor\u00e1n sz\u00e1mos \u00e1llami \u00e9s\u00a0szakmai kit\u00fcntet\u00e9ssel ismert\u00e9k el.\u00a0Minden id\u0151k egyik legsikeresebb magyar \u00e9nekesn\u0151je, t\u00f6bb ezer sikeres\u00a0koncert, t\u00f6bb milli\u00f3 eladott lemez \u00e9s\u00a0sz\u00e1mtalan sl\u00e1ger f\u0171z\u0151dik nev\u00e9hez.\u00a0Az \u00e9nekesn\u0151 k\u00f6zismert jellegzetes er\u0151teljes hangj\u00e1r\u00f3l. Zenei\u00a0st\u00edlus\u00e1t\u00a0sz\u00e1mos m\u0171faj [...]","og_url":"https:\/\/cervinusteatrum.hu\/sk\/musor\/kovacs-kati-nagykoncert\/","og_site_name":"Cervinus Te\u00e1trum","article_publisher":"https:\/\/www.facebook.com\/cervinusteatrumhu","og_image":[{"width":1199,"height":582,"url":"https:\/\/cervinusteatrum.hu\/wp-content\/uploads\/2024\/04\/iozfz.jpg","type":"image\/jpeg"}],"twitter_card":"summary_large_image","twitter_misc":{"Predpokladan\u00fd \u010das \u010d\u00edtania":"1 min\u00fata"},"schema":{"@context":"https:\/\/schema.org","@graph":[{"@type":"WebPage","@id":"https:\/\/cervinusteatrum.hu\/musor\/kovacs-kati-nagykoncert\/","url":"https:\/\/cervinusteatrum.hu\/musor\/kovacs-kati-nagykoncert\/","name":"Kov\u00e1cs Kati nagykoncert - Cervinus Te\u00e1trum","isPartOf":{"@id":"https:\/\/cervinusteatrum.hu\/#website"},"primaryImageOfPage":{"@id":"https:\/\/cervinusteatrum.hu\/musor\/kovacs-kati-nagykoncert\/#primaryimage"},"image":{"@id":"https:\/\/cervinusteatrum.hu\/musor\/kovacs-kati-nagykoncert\/#primaryimage"},"thumbnailUrl":"https:\/\/cervinusteatrum.hu\/wp-content\/uploads\/2024\/04\/iozfz.jpg","datePublished":"2024-04-09T16:00:57+00:00","breadcrumb":{"@id":"https:\/\/cervinusteatrum.hu\/musor\/kovacs-kati-nagykoncert\/#breadcrumb"},"inLanguage":"sk-SK","potentialAction":[{"@type":"ReadAction","target":["https:\/\/cervinusteatrum.hu\/musor\/kovacs-kati-nagykoncert\/"]}]},{"@type":"ImageObject","inLanguage":"sk-SK","@id":"https:\/\/cervinusteatrum.hu\/musor\/kovacs-kati-nagykoncert\/#primaryimage","url":"https:\/\/cervinusteatrum.hu\/wp-content\/uploads\/2024\/04\/iozfz.jpg","contentUrl":"https:\/\/cervinusteatrum.hu\/wp-content\/uploads\/2024\/04\/iozfz.jpg","width":1199,"height":582},{"@type":"BreadcrumbList","@id":"https:\/\/cervinusteatrum.hu\/musor\/kovacs-kati-nagykoncert\/#breadcrumb","itemListElement":[{"@type":"ListItem","position":1,"name":"Kezd\u0151lap","item":"https:\/\/cervinusteatrum.hu\/"},{"@type":"ListItem","position":2,"name":"Events","item":"https:\/\/cervinusteatrum.hu\/musor\/"},{"@type":"ListItem","position":3,"name":"Kov\u00e1cs Kati nagykoncert"}]},{"@type":"WebSite","@id":"https:\/\/cervinusteatrum.hu\/#website","url":"https:\/\/cervinusteatrum.hu\/","name":"Cervinus Te\u00e1trum","description":"","publisher":{"@id":"https:\/\/cervinusteatrum.hu\/#organization"},"potentialAction":[{"@type":"SearchAction","target":{"@type":"EntryPoint","urlTemplate":"https:\/\/cervinusteatrum.hu\/?s={search_term_string}"},"query-input":{"@type":"PropertyValueSpecification","valueRequired":true,"valueName":"search_term_string"}}],"inLanguage":"sk-SK"},{"@type":"Organization","@id":"https:\/\/cervinusteatrum.hu\/#organization","name":"Cervinus Te\u00e1trum","url":"https:\/\/cervinusteatrum.hu\/","logo":{"@type":"ImageObject","inLanguage":"sk-SK","@id":"https:\/\/cervinusteatrum.hu\/#\/schema\/logo\/image\/","url":"https:\/\/cervinusteatrum.hu\/wp-content\/uploads\/2022\/03\/cervinus.png","contentUrl":"https:\/\/cervinusteatrum.hu\/wp-content\/uploads\/2022\/03\/cervinus.png","width":819,"height":960,"caption":"Cervinus Te\u00e1trum"},"image":{"@id":"https:\/\/cervinusteatrum.hu\/#\/schema\/logo\/image\/"},"sameAs":["https:\/\/www.facebook.com\/cervinusteatrumhu"]}]}},"_links":{"self":[{"href":"https:\/\/cervinusteatrum.hu\/sk\/wp-json\/wp\/v2\/mec-events\/1971","targetHints":{"allow":["GET"]}}],"collection":[{"href":"https:\/\/cervinusteatrum.hu\/sk\/wp-json\/wp\/v2\/mec-events"}],"about":[{"href":"https:\/\/cervinusteatrum.hu\/sk\/wp-json\/wp\/v2\/types\/mec-events"}],"author":[{"embeddable":true,"href":"https:\/\/cervinusteatrum.hu\/sk\/wp-json\/wp\/v2\/users\/1"}],"replies":[{"embeddable":true,"href":"https:\/\/cervinusteatrum.hu\/sk\/wp-json\/wp\/v2\/comments?post=1971"}],"wp:featuredmedia":[{"embeddable":true,"href":"https:\/\/cervinusteatrum.hu\/sk\/wp-json\/wp\/v2\/media\/1904"}],"wp:attachment":[{"href":"https:\/\/cervinusteatrum.hu\/sk\/wp-json\/wp\/v2\/media?parent=1971"}],"wp:term":[{"taxonomy":"post_tag","embeddable":true,"href":"https:\/\/cervinusteatrum.hu\/sk\/wp-json\/wp\/v2\/tags?post=1971"},{"taxonomy":"mec_category","embeddable":true,"href":"https:\/\/cervinusteatrum.hu\/sk\/wp-json\/wp\/v2\/mec_category?post=1971"}],"curies":[{"name":"wp","href":"https:\/\/api.w.org\/{rel}","templated":true}]}}